{"id":28,"date":"2024-12-06T12:58:20","date_gmt":"2024-12-06T12:58:20","guid":{"rendered":"https:\/\/www.stephaniegallay.fr\/?page_id=28"},"modified":"2024-12-12T08:52:36","modified_gmt":"2024-12-12T08:52:36","slug":"la-sophrologie","status":"publish","type":"page","link":"https:\/\/www.stephaniegallay.fr\/?page_id=28","title":{"rendered":"La Sophrologie"},"content":{"rendered":"<p>[et_pb_section fb_built=\u00a0\u00bb1&Prime; custom_padding_last_edited=\u00a0\u00bbon|desktop\u00a0\u00bb next_background_color=\u00a0\u00bb#ffffff\u00a0\u00bb _builder_version=\u00a0\u00bb4.23.1&Prime; _module_preset=\u00a0\u00bbdefault\u00a0\u00bb background_color=\u00a0\u00bb#0C71C3&Prime; background_image=\u00a0\u00bbhttps:\/\/www.stephaniegallay.fr\/wp-content\/uploads\/2024\/12\/Stephanie-Gallay-Sophrologue-a-Vic-en-Bigorre10.jpg\u00a0\u00bb custom_padding=\u00a0\u00bb23px||48px||false|false\u00a0\u00bb custom_padding_tablet=\u00a0\u00bb100px||100px||false|false\u00a0\u00bb custom_padding_phone=\u00a0\u00bb50px||91px||false|false\u00a0\u00bb bottom_divider_style=\u00a0\u00bbramp\u00a0\u00bb global_colors_info=\u00a0\u00bb{}\u00a0\u00bb][et_pb_row _builder_version=\u00a0\u00bb4.23.1&Prime; _module_preset=\u00a0\u00bbdefault\u00a0\u00bb global_colors_info=\u00a0\u00bb{}\u00a0\u00bb][et_pb_column type=\u00a0\u00bb4_4&Prime; _builder_version=\u00a0\u00bb4.23.1&Prime; _module_preset=\u00a0\u00bbdefault\u00a0\u00bb global_colors_info=\u00a0\u00bb{}\u00a0\u00bb][et_pb_image src=\u00a0\u00bbhttps:\/\/www.stephaniegallay.fr\/wp-content\/uploads\/2024\/12\/icon.svg\u00a0\u00bb title_text=\u00a0\u00bbicon\u00a0\u00bb _builder_version=\u00a0\u00bb4.23.1&Prime; _module_preset=\u00a0\u00bbdefault\u00a0\u00bb width=\u00a0\u00bb6%\u00a0\u00bb width_tablet=\u00a0\u00bb11%\u00a0\u00bb width_phone=\u00a0\u00bb12%\u00a0\u00bb width_last_edited=\u00a0\u00bbon|desktop\u00a0\u00bb module_alignment=\u00a0\u00bbcenter\u00a0\u00bb global_colors_info=\u00a0\u00bb{}\u00a0\u00bb][\/et_pb_image][et_pb_text _builder_version=\u00a0\u00bb4.23.1&Prime; _module_preset=\u00a0\u00bbdefault\u00a0\u00bb header_text_color=\u00a0\u00bb#FFFFFF\u00a0\u00bb header_line_height=\u00a0\u00bb1.3em\u00a0\u00bb global_colors_info=\u00a0\u00bb{}\u00a0\u00bb]<\/p>\n<h1 style=\"text-align: center;\">Qu\u2019est-ce que la Sophrologie ? <br \/>Bienfaits et Pratiques \u00e0 Vic-en-Bigorre<\/h1>\n<p>[\/et_pb_text][\/et_pb_column][\/et_pb_row][\/et_pb_section][et_pb_section fb_built=\u00a0\u00bb1&Prime; _builder_version=\u00a0\u00bb4.23.1&Prime; _module_preset=\u00a0\u00bbdefault\u00a0\u00bb global_colors_info=\u00a0\u00bb{}\u00a0\u00bb][et_pb_row column_structure=\u00a0\u00bb1_2,1_2&Prime; _builder_version=\u00a0\u00bb4.23.1&Prime; _module_preset=\u00a0\u00bbdefault\u00a0\u00bb global_colors_info=\u00a0\u00bb{}\u00a0\u00bb][et_pb_column type=\u00a0\u00bb1_2&Prime; _builder_version=\u00a0\u00bb4.23.1&Prime; _module_preset=\u00a0\u00bbdefault\u00a0\u00bb global_colors_info=\u00a0\u00bb{}\u00a0\u00bb][et_pb_text _builder_version=\u00a0\u00bb4.23.1&Prime; _module_preset=\u00a0\u00bbdefault\u00a0\u00bb custom_margin=\u00a0\u00bb||20px|||\u00a0\u00bb global_colors_info=\u00a0\u00bb{}\u00a0\u00bb]<\/p>\n<h6>St\u00e9phanie Gallay, Sophrologue \u00e0 Vic-en-Bigorre<\/h6>\n<p>[\/et_pb_text][et_pb_text _builder_version=\u00a0\u00bb4.23.1&Prime; _module_preset=\u00a0\u00bbdefault\u00a0\u00bb custom_margin=\u00a0\u00bb||21px|||\u00a0\u00bb global_colors_info=\u00a0\u00bb{}\u00a0\u00bb]<\/p>\n<h1> Apprenez-en plus sur la sophrologie <\/h1>\n<p>[\/et_pb_text][et_pb_text _builder_version=\u00a0\u00bb4.23.1&Prime; _module_preset=\u00a0\u00bbdefault\u00a0\u00bb global_colors_info=\u00a0\u00bb{}\u00a0\u00bb]<\/p>\n<p> une m\u00e9thode douce pour g\u00e9rer le stress, renforcer la confiance en soi et favoriser le bien-\u00eatre global. <\/p>\n<p>La sophrologie est une m\u00e9thode de relaxation et de d\u00e9veloppement personnel qui combine des exercices de respiration, de visualisation, et de relaxation musculaire. Elle vise \u00e0 harmoniser le corps et l\u2019esprit pour retrouver un \u00e9tat d\u2019\u00e9quilibre.<\/p>\n<p>[\/et_pb_text][et_pb_button button_text=\u00a0\u00bbD\u00e9veloppez votre potentiel\u00a0\u00bb _builder_version=\u00a0\u00bb4.23.1&Prime; _module_preset=\u00a0\u00bbdefault\u00a0\u00bb hover_enabled=\u00a0\u00bb0&Prime; global_colors_info=\u00a0\u00bb{}\u00a0\u00bb button_url=\u00a0\u00bb@ET-DC@eyJkeW5hbWljIjp0cnVlLCJjb250ZW50IjoicG9zdF9saW5rX3VybF9wYWdlIiwic2V0dGluZ3MiOnsicG9zdF9pZCI6IjM0In19@\u00a0\u00bb _dynamic_attributes=\u00a0\u00bbbutton_url\u00a0\u00bb sticky_enabled=\u00a0\u00bb0&Prime;][\/et_pb_button][\/et_pb_column][et_pb_column type=\u00a0\u00bb1_2&Prime; _builder_version=\u00a0\u00bb4.23.1&Prime; _module_preset=\u00a0\u00bbdefault\u00a0\u00bb global_colors_info=\u00a0\u00bb{}\u00a0\u00bb][et_pb_image src=\u00a0\u00bbhttps:\/\/www.stephaniegallay.fr\/wp-content\/uploads\/2024\/12\/Stephanie-Gallay-Sophrologue-a-Vic-en-Bigorre23.jpg\u00a0\u00bb title_text=\u00a0\u00bbStephanie-Gallay-Sophrologue-a-Vic-en-Bigorre23&Prime; _builder_version=\u00a0\u00bb4.23.1&Prime; _module_preset=\u00a0\u00bbdefault\u00a0\u00bb global_colors_info=\u00a0\u00bb{}\u00a0\u00bb][\/et_pb_image][\/et_pb_column][\/et_pb_row][\/et_pb_section][et_pb_section fb_built=\u00a0\u00bb1&Prime; _builder_version=\u00a0\u00bb4.23.1&Prime; _module_preset=\u00a0\u00bbdefault\u00a0\u00bb background_color=\u00a0\u00bb#026c7c\u00a0\u00bb background_enable_image=\u00a0\u00bboff\u00a0\u00bb custom_padding=\u00a0\u00bb100px||100px|||\u00a0\u00bb top_divider_style=\u00a0\u00bbramp\u00a0\u00bb top_divider_color=\u00a0\u00bb#FFFFFF\u00a0\u00bb top_divider_height=\u00a0\u00bb47px\u00a0\u00bb top_divider_flip=\u00a0\u00bbvertical\u00a0\u00bb global_colors_info=\u00a0\u00bb{}\u00a0\u00bb][et_pb_row column_structure=\u00a0\u00bb1_2,1_2&Prime; _builder_version=\u00a0\u00bb4.23.1&Prime; _module_preset=\u00a0\u00bbdefault\u00a0\u00bb global_colors_info=\u00a0\u00bb{}\u00a0\u00bb][et_pb_column type=\u00a0\u00bb1_2&Prime; _builder_version=\u00a0\u00bb4.23.1&Prime; _module_preset=\u00a0\u00bbdefault\u00a0\u00bb global_colors_info=\u00a0\u00bb{}\u00a0\u00bb][et_pb_image src=\u00a0\u00bbhttps:\/\/www.stephaniegallay.fr\/wp-content\/uploads\/2024\/12\/Stephanie-Gallay-Sophrologue-a-Vic-en-Bigorre18.jpg\u00a0\u00bb title_text=\u00a0\u00bbStephanie-Gallay-Sophrologue-a-Vic-en-Bigorre18&Prime; _builder_version=\u00a0\u00bb4.23.1&Prime; _module_preset=\u00a0\u00bbdefault\u00a0\u00bb global_colors_info=\u00a0\u00bb{}\u00a0\u00bb][\/et_pb_image][\/et_pb_column][et_pb_column type=\u00a0\u00bb1_2&Prime; _builder_version=\u00a0\u00bb4.23.1&Prime; _module_preset=\u00a0\u00bbdefault\u00a0\u00bb global_colors_info=\u00a0\u00bb{}\u00a0\u00bb][et_pb_text _builder_version=\u00a0\u00bb4.23.1&Prime; _module_preset=\u00a0\u00bbdefault\u00a0\u00bb text_text_color=\u00a0\u00bb#FFFFFF\u00a0\u00bb header_text_color=\u00a0\u00bb#FFFFFF\u00a0\u00bb header_6_text_color=\u00a0\u00bb#FFFFFF\u00a0\u00bb custom_margin=\u00a0\u00bb||20px|||\u00a0\u00bb global_colors_info=\u00a0\u00bb{}\u00a0\u00bb]<\/p>\n<h6>St\u00e9phanie Gallay, Sophrologue \u00e0 Vic-en-Bigorre<\/h6>\n<p>[\/et_pb_text][et_pb_text _builder_version=\u00a0\u00bb4.23.1&Prime; _module_preset=\u00a0\u00bbdefault\u00a0\u00bb text_text_color=\u00a0\u00bb#FFFFFF\u00a0\u00bb header_text_color=\u00a0\u00bb#FFFFFF\u00a0\u00bb custom_margin=\u00a0\u00bb||21px|||\u00a0\u00bb global_colors_info=\u00a0\u00bb{}\u00a0\u00bb]<\/p>\n<h1>La sophrologie, ses bienfaits<\/h1>\n<p>[\/et_pb_text][et_pb_text _builder_version=\u00a0\u00bb4.23.1&Prime; _module_preset=\u00a0\u00bbdefault\u00a0\u00bb text_text_color=\u00a0\u00bb#FFFFFF\u00a0\u00bb global_colors_info=\u00a0\u00bb{}\u00a0\u00bb]<\/p>\n<p> Adapt\u00e9e \u00e0 tous les \u00e2ges et \u00e0 toutes les \u00e9tapes de la vie, la sophrologie est un outil puissant pour d\u00e9velopper son potentiel et mieux vivre au quotidien.\u2028 <\/p>\n<p>[\/et_pb_text][dsm_icon_list list_space_between=\u00a0\u00bb27px\u00a0\u00bb _builder_version=\u00a0\u00bb4.23.1&Prime; _module_preset=\u00a0\u00bbdefault\u00a0\u00bb global_colors_info=\u00a0\u00bb{}\u00a0\u00bb][dsm_icon_list_child text=\u00a0\u00bbR\u00e9duction du stress et de l\u2019anxi\u00e9t\u00e9.\u00a0\u00bb font_icon=\u00a0\u00bb&#xf5bb;||fa||900&Prime; icon_padding=\u00a0\u00bb8px\u00a0\u00bb icon_font_size=\u00a0\u00bb35px\u00a0\u00bb _builder_version=\u00a0\u00bb4.23.1&Prime; _module_preset=\u00a0\u00bbdefault\u00a0\u00bb text_font=\u00a0\u00bb|800|||||||\u00a0\u00bb text_text_color=\u00a0\u00bb#FFFFFF\u00a0\u00bb text_font_size=\u00a0\u00bb24px\u00a0\u00bb text_line_height=\u00a0\u00bb1.3em\u00a0\u00bb global_colors_info=\u00a0\u00bb{}\u00a0\u00bb][\/dsm_icon_list_child][dsm_icon_list_child text=\u00a0\u00bbAm\u00e9lioration du sommeil.\u00a0\u00bb font_icon=\u00a0\u00bb&#xf5bb;||fa||900&Prime; icon_padding=\u00a0\u00bb8px\u00a0\u00bb icon_font_size=\u00a0\u00bb35px\u00a0\u00bb _builder_version=\u00a0\u00bb4.23.1&Prime; _module_preset=\u00a0\u00bbdefault\u00a0\u00bb text_font=\u00a0\u00bb|800|||||||\u00a0\u00bb text_text_color=\u00a0\u00bb#FFFFFF\u00a0\u00bb text_font_size=\u00a0\u00bb24px\u00a0\u00bb text_line_height=\u00a0\u00bb1.3em\u00a0\u00bb global_colors_info=\u00a0\u00bb{}\u00a0\u00bb][\/dsm_icon_list_child][dsm_icon_list_child text=\u00a0\u00bbRenforcement de la confiance en soi et de la concentration.\u00a0\u00bb font_icon=\u00a0\u00bb&#xf5bb;||fa||900&Prime; icon_padding=\u00a0\u00bb8px\u00a0\u00bb icon_font_size=\u00a0\u00bb35px\u00a0\u00bb _builder_version=\u00a0\u00bb4.23.1&Prime; _module_preset=\u00a0\u00bbdefault\u00a0\u00bb text_font=\u00a0\u00bb|800|||||||\u00a0\u00bb text_text_color=\u00a0\u00bb#FFFFFF\u00a0\u00bb text_font_size=\u00a0\u00bb24px\u00a0\u00bb text_line_height=\u00a0\u00bb1.3em\u00a0\u00bb global_colors_info=\u00a0\u00bb{}\u00a0\u00bb][\/dsm_icon_list_child][dsm_icon_list_child text=\u00a0\u00bbAccompagnement des troubles \u00e9motionnels ou physiques\u00a0\u00bb font_icon=\u00a0\u00bb&#xf5bb;||fa||900&Prime; icon_padding=\u00a0\u00bb8px\u00a0\u00bb icon_font_size=\u00a0\u00bb35px\u00a0\u00bb _builder_version=\u00a0\u00bb4.23.1&Prime; _module_preset=\u00a0\u00bbdefault\u00a0\u00bb text_font=\u00a0\u00bb|800|||||||\u00a0\u00bb text_text_color=\u00a0\u00bb#FFFFFF\u00a0\u00bb text_font_size=\u00a0\u00bb24px\u00a0\u00bb text_line_height=\u00a0\u00bb1.3em\u00a0\u00bb global_colors_info=\u00a0\u00bb{}\u00a0\u00bb][\/dsm_icon_list_child][\/dsm_icon_list][et_pb_button button_text=\u00a0\u00bbOffrez-vous une pause bien-\u00eatre et reconnectez-vous \u00e0 votre \u00e9quilibre int\u00e9rieur.\u2028\u00a0\u00bb _builder_version=\u00a0\u00bb4.23.1&Prime; _module_preset=\u00a0\u00bbdefault\u00a0\u00bb custom_button=\u00a0\u00bbon\u00a0\u00bb button_text_color=\u00a0\u00bb#FFFFFF\u00a0\u00bb hover_enabled=\u00a0\u00bb0&Prime; global_colors_info=\u00a0\u00bb{}\u00a0\u00bb button_url=\u00a0\u00bb@ET-DC@eyJkeW5hbWljIjp0cnVlLCJjb250ZW50IjoicG9zdF9saW5rX3VybF9wYWdlIiwic2V0dGluZ3MiOnsicG9zdF9pZCI6IjM0In19@\u00a0\u00bb _dynamic_attributes=\u00a0\u00bbbutton_url\u00a0\u00bb sticky_enabled=\u00a0\u00bb0&Prime;][\/et_pb_button][\/et_pb_column][\/et_pb_row][\/et_pb_section][et_pb_section fb_built=\u00a0\u00bb1&Prime; custom_padding_last_edited=\u00a0\u00bbon|phone\u00a0\u00bb prev_background_color=\u00a0\u00bb#026c7c\u00a0\u00bb next_background_color=\u00a0\u00bb#2ab1d6&Prime; _builder_version=\u00a0\u00bb4.23.1&Prime; _module_preset=\u00a0\u00bbdefault\u00a0\u00bb background_color=\u00a0\u00bb#5590c1&Prime; background_image=\u00a0\u00bbhttps:\/\/www.stephaniegallay.fr\/wp-content\/uploads\/2024\/12\/Stephanie-Gallay-Sophrologue-a-Vic-en-Bigorre17.jpg\u00a0\u00bb background_blend=\u00a0\u00bbmultiply\u00a0\u00bb custom_padding=\u00a0\u00bb108px||133px||false|false\u00a0\u00bb custom_padding_tablet=\u00a0\u00bb108px||133px||false|false\u00a0\u00bb custom_padding_phone=\u00a0\u00bb50px||80px||false|false\u00a0\u00bb top_divider_style=\u00a0\u00bbramp\u00a0\u00bb top_divider_flip=\u00a0\u00bbvertical\u00a0\u00bb bottom_divider_style=\u00a0\u00bbcurve\u00a0\u00bb bottom_divider_height=\u00a0\u00bb62px\u00a0\u00bb global_colors_info=\u00a0\u00bb{}\u00a0\u00bb][et_pb_row _builder_version=\u00a0\u00bb4.23.1&Prime; _module_preset=\u00a0\u00bbdefault\u00a0\u00bb global_colors_info=\u00a0\u00bb{}\u00a0\u00bb][et_pb_column type=\u00a0\u00bb4_4&Prime; _builder_version=\u00a0\u00bb4.23.1&Prime; _module_preset=\u00a0\u00bbdefault\u00a0\u00bb global_colors_info=\u00a0\u00bb{}\u00a0\u00bb][et_pb_image src=\u00a0\u00bbhttps:\/\/www.stephaniegallay.fr\/wp-content\/uploads\/2024\/12\/icon.svg\u00a0\u00bb title_text=\u00a0\u00bbicon\u00a0\u00bb _builder_version=\u00a0\u00bb4.23.1&Prime; _module_preset=\u00a0\u00bbdefault\u00a0\u00bb width=\u00a0\u00bb6%\u00a0\u00bb width_tablet=\u00a0\u00bb11%\u00a0\u00bb width_phone=\u00a0\u00bb12%\u00a0\u00bb width_last_edited=\u00a0\u00bbon|desktop\u00a0\u00bb module_alignment=\u00a0\u00bbcenter\u00a0\u00bb global_colors_info=\u00a0\u00bb{}\u00a0\u00bb][\/et_pb_image][dsm_star_rating star_alignment=\u00a0\u00bbcenter\u00a0\u00bb stars_size=\u00a0\u00bb24px\u00a0\u00bb stars_gap=\u00a0\u00bb8px\u00a0\u00bb show_number=\u00a0\u00bbon\u00a0\u00bb _builder_version=\u00a0\u00bb4.23.1&Prime; _module_preset=\u00a0\u00bbdefault\u00a0\u00bb header_level=\u00a0\u00bbh1&Prime; header_text_color=\u00a0\u00bb#FFFFFF\u00a0\u00bb rating_number_text_color=\u00a0\u00bb#FFFFFF\u00a0\u00bb global_colors_info=\u00a0\u00bb{}\u00a0\u00bb][\/dsm_star_rating][et_pb_text _builder_version=\u00a0\u00bb4.23.1&Prime; _module_preset=\u00a0\u00bbdefault\u00a0\u00bb text_text_color=\u00a0\u00bb#FFFFFF\u00a0\u00bb header_font=\u00a0\u00bb||||||||\u00a0\u00bb header_text_color=\u00a0\u00bb#FFFFFF\u00a0\u00bb background_enable_color=\u00a0\u00bboff\u00a0\u00bb width=\u00a0\u00bb63%\u00a0\u00bb module_alignment=\u00a0\u00bbcenter\u00a0\u00bb global_colors_info=\u00a0\u00bb{}\u00a0\u00bb]<\/p>\n<h1 class=\"h4 text-center\" style=\"text-align: center;\">Avis sur St\u00e9phanie GALLAY<\/h1>\n<p>[\/et_pb_text][et_pb_divider color=\u00a0\u00bb#FFFFFF\u00a0\u00bb divider_style=\u00a0\u00bbdashed\u00a0\u00bb divider_weight=\u00a0\u00bb2px\u00a0\u00bb _builder_version=\u00a0\u00bb4.23.1&Prime; _module_preset=\u00a0\u00bbdefault\u00a0\u00bb width=\u00a0\u00bb42%\u00a0\u00bb module_alignment=\u00a0\u00bbcenter\u00a0\u00bb global_colors_info=\u00a0\u00bb{}\u00a0\u00bb][\/et_pb_divider][et_pb_slider _builder_version=\u00a0\u00bb4.23.1&Prime; _module_preset=\u00a0\u00bbdefault\u00a0\u00bb background_color=\u00a0\u00bbRGBA(255,255,255,0)\u00a0\u00bb custom_padding=\u00a0\u00bb0px||98px||false|false\u00a0\u00bb global_colors_info=\u00a0\u00bb{}\u00a0\u00bb][et_pb_slide heading=\u00a0\u00bbFranck F\u00a0\u00bb button_text=\u00a0\u00bbTous mes avis en ligne\u00a0\u00bb button_link=\u00a0\u00bbhttps:\/\/www.resalib.fr\/praticien\/90829-stephanie-gallay-sophrologue-vic-en-bigorre?pr=0#reviews\u00a0\u00bb url_new_window=\u00a0\u00bbon\u00a0\u00bb _builder_version=\u00a0\u00bb4.23.1&Prime; _module_preset=\u00a0\u00bbdefault\u00a0\u00bb background_enable_color=\u00a0\u00bboff\u00a0\u00bb global_colors_info=\u00a0\u00bb{}\u00a0\u00bb sticky_transition=\u00a0\u00bbon\u00a0\u00bb]<\/p>\n<p class=\"customer-text\">St\u00e9phanie m&rsquo;a permis d&rsquo;avancer dans la vie la ou d&rsquo;autres on \u00e9chou\u00e9s. Douce, professionnelle, agr\u00e9able, elle sera vous guider j&rsquo;en suis convaincu. Je recommande son art de sophrologie \u00e0 tous.<\/p>\n<p><small>Suite \u00e0 un rendez-vous en novembre 2024<\/small><\/p>\n<p>[\/et_pb_slide][et_pb_slide heading=\u00a0\u00bbGuilaine S.\u00a0\u00bb button_text=\u00a0\u00bbTous mes avis en ligne\u00a0\u00bb button_link=\u00a0\u00bbhttps:\/\/www.resalib.fr\/praticien\/90829-stephanie-gallay-sophrologue-vic-en-bigorre?pr=0#reviews\u00a0\u00bb url_new_window=\u00a0\u00bbon\u00a0\u00bb _builder_version=\u00a0\u00bb4.23.1&Prime; _module_preset=\u00a0\u00bbdefault\u00a0\u00bb background_enable_color=\u00a0\u00bboff\u00a0\u00bb global_colors_info=\u00a0\u00bb{}\u00a0\u00bb sticky_transition=\u00a0\u00bbon\u00a0\u00bb]<\/p>\n<p class=\"customer-text\">Merci pour votre accompagnement professionnel qui m&rsquo;a permis de changer ma vie et d&rsquo;appr\u00e9hender les probl\u00e8mes diff\u00e9remment. Je revis et n&rsquo;h\u00e9siterai pas \u00e0 vous rappeler en cas de besoin<\/p>\n<p class=\"customer-text\"><small>Suite \u00e0 un rendez-vous en octobre 2024<\/small><\/p>\n<p>[\/et_pb_slide][et_pb_slide heading=\u00a0\u00bbY B.\u00a0\u00bb button_text=\u00a0\u00bbTous mes avis en ligne\u00a0\u00bb button_link=\u00a0\u00bbhttps:\/\/www.resalib.fr\/praticien\/90829-stephanie-gallay-sophrologue-vic-en-bigorre?pr=0#reviews\u00a0\u00bb url_new_window=\u00a0\u00bbon\u00a0\u00bb _builder_version=\u00a0\u00bb4.23.1&Prime; _module_preset=\u00a0\u00bbdefault\u00a0\u00bb background_enable_color=\u00a0\u00bboff\u00a0\u00bb global_colors_info=\u00a0\u00bb{}\u00a0\u00bb sticky_transition=\u00a0\u00bbon\u00a0\u00bb]<\/p>\n<p class=\"customer-text\">J&rsquo;ai quitt\u00e9 la s\u00e9ance en me sentant plus l\u00e9ger et serein. Cela m&rsquo;a aid\u00e9 \u00e0 g\u00e9rer mon stress. Je recommande vivement St\u00e9phanie \u00e0 ceux qui cherchent \u00e0 am\u00e9liorer leur bien-\u00eatre mental et physique. Une belle d\u00e9couverte !<\/p>\n<p class=\"customer-text\"><small>Suite \u00e0 un rendez-vous en septembre 2024<\/small><\/p>\n<p>[\/et_pb_slide][et_pb_slide heading=\u00a0\u00bbChristelle P.\u00a0\u00bb button_text=\u00a0\u00bbTous mes avis en ligne\u00a0\u00bb button_link=\u00a0\u00bbhttps:\/\/www.resalib.fr\/praticien\/90829-stephanie-gallay-sophrologue-vic-en-bigorre?pr=0#reviews\u00a0\u00bb url_new_window=\u00a0\u00bbon\u00a0\u00bb _builder_version=\u00a0\u00bb4.23.1&Prime; _module_preset=\u00a0\u00bbdefault\u00a0\u00bb background_enable_color=\u00a0\u00bboff\u00a0\u00bb global_colors_info=\u00a0\u00bb{}\u00a0\u00bb sticky_transition=\u00a0\u00bbon\u00a0\u00bb]<\/p>\n<p class=\"customer-text\">Tr\u00e8s agr\u00e9able et douce. Je recommande<br \/><small>Suite \u00e0 un rendez-vous en juin 2024<\/small><\/p>\n<p>[\/et_pb_slide][et_pb_slide heading=\u00a0\u00bbV.\u00a0\u00bb button_text=\u00a0\u00bbTous mes avis en ligne\u00a0\u00bb button_link=\u00a0\u00bbhttps:\/\/www.resalib.fr\/praticien\/90829-stephanie-gallay-sophrologue-vic-en-bigorre?pr=0#reviews\u00a0\u00bb url_new_window=\u00a0\u00bbon\u00a0\u00bb _builder_version=\u00a0\u00bb4.23.1&Prime; _module_preset=\u00a0\u00bbdefault\u00a0\u00bb background_enable_color=\u00a0\u00bboff\u00a0\u00bb link_option_url_new_window=\u00a0\u00bbon\u00a0\u00bb global_colors_info=\u00a0\u00bb{}\u00a0\u00bb sticky_transition=\u00a0\u00bbon\u00a0\u00bb]<\/p>\n<p class=\"customer-text\">St\u00e9phanie a su me d\u00e9tendre, contr\u00f4ler mon stress, je la recommande 100%<\/p>\n<p class=\"customer-text\"><small>Suite \u00e0 un rendez-vous en juin 2024<\/small><\/p>\n<p>[\/et_pb_slide][et_pb_slide heading=\u00a0\u00bbE R.\u00a0\u00bb button_text=\u00a0\u00bbTous mes avis en ligne\u00a0\u00bb button_link=\u00a0\u00bbhttps:\/\/www.resalib.fr\/praticien\/90829-stephanie-gallay-sophrologue-vic-en-bigorre?pr=0#reviews\u00a0\u00bb url_new_window=\u00a0\u00bbon\u00a0\u00bb _builder_version=\u00a0\u00bb4.23.1&Prime; _module_preset=\u00a0\u00bbdefault\u00a0\u00bb background_enable_color=\u00a0\u00bboff\u00a0\u00bb global_colors_info=\u00a0\u00bb{}\u00a0\u00bb sticky_transition=\u00a0\u00bbon\u00a0\u00bb]<\/p>\n<p class=\"customer-text\">Merci de m\u2019avoir fait travailler sur moi. Ce n\u2019\u00e9tait vraiment pas gagn\u00e9 !!! Approche r\u00e9confortante et professionnalisme ma\u00eetris\u00e9 !!! Merci mille fois encore<\/p>\n<p class=\"customer-text\"><small>Suite \u00e0 un rendez-vous en juin 2024<\/small><\/p>\n<p>[\/et_pb_slide][et_pb_slide heading=\u00a0\u00bbDavid C.\u00a0\u00bb button_text=\u00a0\u00bbTous mes avis en ligne\u00a0\u00bb button_link=\u00a0\u00bbhttps:\/\/www.resalib.fr\/praticien\/90829-stephanie-gallay-sophrologue-vic-en-bigorre?pr=0#reviews\u00a0\u00bb url_new_window=\u00a0\u00bbon\u00a0\u00bb _builder_version=\u00a0\u00bb4.23.1&Prime; _module_preset=\u00a0\u00bbdefault\u00a0\u00bb background_enable_color=\u00a0\u00bboff\u00a0\u00bb global_colors_info=\u00a0\u00bb{}\u00a0\u00bb sticky_transition=\u00a0\u00bbon\u00a0\u00bb]<\/p>\n<p class=\"customer-text\">St\u00e9phanie a ce pouvoir que seul ont les sophrologue. Elle vous permet vraiment de vous sentir bien. Une personne bienfaisante qui m\u00e9rite vraiment d&rsquo;\u00eatre connu.<\/p>\n<p class=\"customer-text\"><small>Suite \u00e0 un rendez-vous en mai 2024<\/small><\/p>\n<p>[\/et_pb_slide][et_pb_slide heading=\u00a0\u00bbKevin r.\u00a0\u00bb button_text=\u00a0\u00bbTous mes avis en ligne\u00a0\u00bb button_link=\u00a0\u00bbhttps:\/\/www.resalib.fr\/praticien\/90829-stephanie-gallay-sophrologue-vic-en-bigorre?pr=0#reviews\u00a0\u00bb url_new_window=\u00a0\u00bbon\u00a0\u00bb _builder_version=\u00a0\u00bb4.23.1&Prime; _module_preset=\u00a0\u00bbdefault\u00a0\u00bb background_enable_color=\u00a0\u00bboff\u00a0\u00bb global_colors_info=\u00a0\u00bb{}\u00a0\u00bb sticky_transition=\u00a0\u00bbon\u00a0\u00bb]<\/p>\n<p class=\"customer-text\">stephanie est une personne \u00e0 l&rsquo;\u00e9coute qui a su me comprendre, m&rsquo;orienter et m&rsquo;a donn\u00e9 les clefs pour g\u00e9rer mon stress. r\u00e9sultat tr\u00e8s positif. merci pour l&rsquo;accompagnement<\/p>\n<p class=\"customer-text\"><small>Suite \u00e0 un rendez-vous en mai 2024<\/small><\/p>\n<p>[\/et_pb_slide][\/et_pb_slider][\/et_pb_column][\/et_pb_row][\/et_pb_section]<\/p>\n","protected":false},"excerpt":{"rendered":"<p>Qu\u2019est-ce que la Sophrologie ? Bienfaits et Pratiques \u00e0 Vic-en-BigorreSt\u00e9phanie Gallay, Sophrologue \u00e0 Vic-en-Bigorre Apprenez-en plus sur la sophrologie une m\u00e9thode douce pour g\u00e9rer le stress, renforcer la confiance en soi et favoriser le bien-\u00eatre global. La sophrologie est une m\u00e9thode de relaxation et de d\u00e9veloppement personnel qui combine des exercices de respiration, de visualisation, et de relaxation musculaire. Elle vise \u00e0 harmoniser le corps et l\u2019esprit pour retrouver un \u00e9tat d\u2019\u00e9quilibre.St\u00e9phanie Gallay, Sophrologue \u00e0 Vic-en-BigorreLa sophrologie, ses bienfaits Adapt\u00e9e \u00e0 tous les \u00e2ges et \u00e0 toutes les \u00e9tapes de la vie, la sophrologie est un outil puissant pour d\u00e9velopper son potentiel et mieux vivre au quotidien.\u2028 <div class=\"et_pb_module dsm_icon_list dsm_icon_list_0\">\n\t\t\t\t\n\t\t\t\t\n\t\t\t\t\n\t\t\t\t\n\t\t\t\t\n\t\t\t\t\n\t\t\t\t<div class=\"et_pb_module_inner\">\n\t\t\t\t\t<ul class=\"dsm_icon_list_items dsm_icon_list_ltr_direction dsm_icon_list_layout_vertical\"><li class=\"dsm_icon_list_child dsm_icon_list_child_0\">\n\t\t\t\t\n\t\t\t\t\n\t\t\t\t\n\t\t\t\t\n\t\t\t\t<span class=\"dsm_icon_list_wrapper\"><span class=\"dsm_icon_list_icon\">\uf5bb<\/span><\/span><span class=\"dsm_icon_list_text\">R\u00e9duction du stress et de l\u2019anxi\u00e9t\u00e9.<\/span>\n\t\t\t<\/li><li class=\"dsm_icon_list_child dsm_icon_list_child_1\">\n\t\t\t\t\n\t\t\t\t\n\t\t\t\t\n\t\t\t\t\n\t\t\t\t<span class=\"dsm_icon_list_wrapper\"><span class=\"dsm_icon_list_icon\">\uf5bb<\/span><\/span><span class=\"dsm_icon_list_text\">Am\u00e9lioration du sommeil.<\/span>\n\t\t\t<\/li><li class=\"dsm_icon_list_child dsm_icon_list_child_2\">\n\t\t\t\t\n\t\t\t\t\n\t\t\t\t\n\t\t\t\t\n\t\t\t\t<span class=\"dsm_icon_list_wrapper\"><span class=\"dsm_icon_list_icon\">\uf5bb<\/span><\/span><span class=\"dsm_icon_list_text\">Renforcement de la confiance en soi et de la concentration.<\/span>\n\t\t\t<\/li><li class=\"dsm_icon_list_child dsm_icon_list_child_3\">\n\t\t\t\t\n\t\t\t\t\n\t\t\t\t\n\t\t\t\t\n\t\t\t\t<span class=\"dsm_icon_list_wrapper\"><span class=\"dsm_icon_list_icon\">\uf5bb<\/span><\/span><span class=\"dsm_icon_list_text\">Accompagnement des troubles \u00e9motionnels ou physiques<\/span>\n\t\t\t<\/li><\/ul>\n\t\t\t\t<\/div>\n\t\t\t<\/div><div class=\"et_pb_module dsm_star_rating dsm_star_rating_0  et_pb_bg_layout_light\">\n\t\t\t\t\n\t\t\t\t\n\t\t\t\t\n\t\t\t\t\n\t\t\t\t\n\t\t\t\t\n\t\t\t\t<div class=\"et_pb_module_inner\">\n\t\t\t\t\t<div class=\"dsm-star-rating-wrapper dsm-star-display-type-inline-block dsm-star-title-position-left\">\n\t\t\t\t<div class=\"dsm-star-rating\" title=\"5\/5\"><i class=\"dsm-star-full\">\u2606<\/i><i class=\"dsm-star-full\">\u2606<\/i><i class=\"dsm-star-full\">\u2606<\/i><i class=\"dsm-star-full\">\u2606<\/i><i class=\"dsm-star-full\">\u2606<\/i> <span class=\"dsm-star-rating-text\"><span>(<span>5<\/span>\/<span>5<\/span>)<\/span><\/div>\n\t\t\t\t<\/div>\n\t\t\t\t<\/div>\n\t\t\t<\/div>Avis sur St\u00e9phanie GALLAYSt\u00e9phanie m&rsquo;a permis d&rsquo;avancer dans la vie la ou d&rsquo;autres on [&hellip;]<\/p>\n","protected":false},"author":1,"featured_media":0,"parent":0,"menu_order":0,"comment_status":"closed","ping_status":"closed","template":"","meta":{"_et_pb_use_builder":"on","_et_pb_old_content":"<!-- wp:divi\/placeholder \/-->","_et_gb_content_width":"","inline_featured_image":false,"footnotes":""},"class_list":["post-28","page","type-page","status-publish","hentry"],"_links":{"self":[{"href":"https:\/\/www.stephaniegallay.fr\/index.php?rest_route=\/wp\/v2\/pages\/28","targetHints":{"allow":["GET"]}}],"collection":[{"href":"https:\/\/www.stephaniegallay.fr\/index.php?rest_route=\/wp\/v2\/pages"}],"about":[{"href":"https:\/\/www.stephaniegallay.fr\/index.php?rest_route=\/wp\/v2\/types\/page"}],"author":[{"embeddable":true,"href":"https:\/\/www.stephaniegallay.fr\/index.php?rest_route=\/wp\/v2\/users\/1"}],"replies":[{"embeddable":true,"href":"https:\/\/www.stephaniegallay.fr\/index.php?rest_route=%2Fwp%2Fv2%2Fcomments&post=28"}],"version-history":[{"count":8,"href":"https:\/\/www.stephaniegallay.fr\/index.php?rest_route=\/wp\/v2\/pages\/28\/revisions"}],"predecessor-version":[{"id":176,"href":"https:\/\/www.stephaniegallay.fr\/index.php?rest_route=\/wp\/v2\/pages\/28\/revisions\/176"}],"wp:attachment":[{"href":"https:\/\/www.stephaniegallay.fr\/index.php?rest_route=%2Fwp%2Fv2%2Fmedia&parent=28"}],"curies":[{"name":"wp","href":"https:\/\/api.w.org\/{rel}","templated":true}]}}