{"id":32,"date":"2024-12-06T12:59:04","date_gmt":"2024-12-06T12:59:04","guid":{"rendered":"https:\/\/www.stephaniegallay.fr\/?page_id=32"},"modified":"2024-12-12T08:56:38","modified_gmt":"2024-12-12T08:56:38","slug":"groupes-et-ateliers","status":"publish","type":"page","link":"https:\/\/www.stephaniegallay.fr\/?page_id=32","title":{"rendered":"Groupes et Ateliers"},"content":{"rendered":"<p>[et_pb_section fb_built=\u00a0\u00bb1&Prime; custom_padding_last_edited=\u00a0\u00bbon|desktop\u00a0\u00bb next_background_color=\u00a0\u00bb#ffffff\u00a0\u00bb _builder_version=\u00a0\u00bb4.23.1&Prime; _module_preset=\u00a0\u00bbdefault\u00a0\u00bb background_color=\u00a0\u00bb#0C71C3&Prime; background_image=\u00a0\u00bbhttps:\/\/www.stephaniegallay.fr\/wp-content\/uploads\/2024\/12\/Stephanie-Gallay-Sophrologue-a-Vic-en-Bigorre26.jpg\u00a0\u00bb custom_padding=\u00a0\u00bb23px||48px||false|false\u00a0\u00bb custom_padding_tablet=\u00a0\u00bb100px||100px||false|false\u00a0\u00bb custom_padding_phone=\u00a0\u00bb50px||91px||false|false\u00a0\u00bb bottom_divider_style=\u00a0\u00bbramp\u00a0\u00bb global_colors_info=\u00a0\u00bb{}\u00a0\u00bb][et_pb_row _builder_version=\u00a0\u00bb4.23.1&Prime; _module_preset=\u00a0\u00bbdefault\u00a0\u00bb global_colors_info=\u00a0\u00bb{}\u00a0\u00bb][et_pb_column type=\u00a0\u00bb4_4&Prime; _builder_version=\u00a0\u00bb4.23.1&Prime; _module_preset=\u00a0\u00bbdefault\u00a0\u00bb global_colors_info=\u00a0\u00bb{}\u00a0\u00bb][et_pb_image src=\u00a0\u00bbhttps:\/\/www.stephaniegallay.fr\/wp-content\/uploads\/2024\/12\/icon.svg\u00a0\u00bb title_text=\u00a0\u00bbicon\u00a0\u00bb _builder_version=\u00a0\u00bb4.23.1&Prime; _module_preset=\u00a0\u00bbdefault\u00a0\u00bb width=\u00a0\u00bb6%\u00a0\u00bb width_tablet=\u00a0\u00bb11%\u00a0\u00bb width_phone=\u00a0\u00bb12%\u00a0\u00bb width_last_edited=\u00a0\u00bbon|desktop\u00a0\u00bb module_alignment=\u00a0\u00bbcenter\u00a0\u00bb global_colors_info=\u00a0\u00bb{}\u00a0\u00bb][\/et_pb_image][et_pb_text _builder_version=\u00a0\u00bb4.23.1&Prime; _module_preset=\u00a0\u00bbdefault\u00a0\u00bb header_text_color=\u00a0\u00bb#FFFFFF\u00a0\u00bb header_line_height=\u00a0\u00bb1.3em\u00a0\u00bb global_colors_info=\u00a0\u00bb{}\u00a0\u00bb]<\/p>\n<h1 style=\"text-align: center;\"> Ateliers de Sophrologie \u00e0 Vic-en-Bigorre<br \/>\nEntreprises, Retraites et Loisirs <\/h1>\n<p>[\/et_pb_text][\/et_pb_column][\/et_pb_row][\/et_pb_section][et_pb_section fb_built=\u00a0\u00bb1&Prime; _builder_version=\u00a0\u00bb4.23.1&Prime; _module_preset=\u00a0\u00bbdefault\u00a0\u00bb global_colors_info=\u00a0\u00bb{}\u00a0\u00bb][et_pb_row column_structure=\u00a0\u00bb1_2,1_2&Prime; _builder_version=\u00a0\u00bb4.23.1&Prime; _module_preset=\u00a0\u00bbdefault\u00a0\u00bb global_colors_info=\u00a0\u00bb{}\u00a0\u00bb][et_pb_column type=\u00a0\u00bb1_2&Prime; _builder_version=\u00a0\u00bb4.23.1&Prime; _module_preset=\u00a0\u00bbdefault\u00a0\u00bb global_colors_info=\u00a0\u00bb{}\u00a0\u00bb][et_pb_text _builder_version=\u00a0\u00bb4.23.1&Prime; _module_preset=\u00a0\u00bbdefault\u00a0\u00bb custom_margin=\u00a0\u00bb||20px|||\u00a0\u00bb global_colors_info=\u00a0\u00bb{}\u00a0\u00bb]<\/p>\n<h6>St\u00e9phanie Gallay, Sophrologue \u00e0 Vic-en-Bigorre<\/h6>\n<p>[\/et_pb_text][et_pb_text _builder_version=\u00a0\u00bb4.23.1&Prime; _module_preset=\u00a0\u00bbdefault\u00a0\u00bb custom_margin=\u00a0\u00bb||21px|||\u00a0\u00bb global_colors_info=\u00a0\u00bb{}\u00a0\u00bb]<\/p>\n<h1> En plus des s\u00e9ances individuelles, j\u2019organise des ateliers et interventions adapt\u00e9s aux besoins collectifs : <\/h1>\n<p>[\/et_pb_text][et_pb_text _builder_version=\u00a0\u00bb4.23.1&Prime; _module_preset=\u00a0\u00bbdefault\u00a0\u00bb global_colors_info=\u00a0\u00bb{}\u00a0\u00bb]Ateliers conviviaux :<br \/>\n &#8211; Ap\u00e9ro Sophro.\u2028<br \/>\n&#8211; Caf\u00e9 ou Th\u00e9 Sophro[\/et_pb_text][et_pb_text _builder_version=\u00a0\u00bb4.23.1&Prime; _module_preset=\u00a0\u00bbdefault\u00a0\u00bb global_colors_info=\u00a0\u00bb{}\u00a0\u00bb]Sophrologie en entreprise : Am\u00e9liorez le bien-\u00eatre et la performance de vos collaborateurs. Gestion du stress, pr\u00e9vention du burn-out, coh\u00e9sion d\u2019\u00e9quipe \u2013 s\u00e9ances sur devis.\u2028[\/et_pb_text][et_pb_text _builder_version=\u00a0\u00bb4.23.1&Prime; _module_preset=\u00a0\u00bbdefault\u00a0\u00bb global_colors_info=\u00a0\u00bb{}\u00a0\u00bb]Sophrologie en maison de retraite : Offrez aux r\u00e9sidents un moment de d\u00e9tente et de recentrage gr\u00e2ce \u00e0 des exercices adapt\u00e9s.\u2028[\/et_pb_text][et_pb_button button_text=\u00a0\u00bbTarifs sur devis pour les entreprises et groupes.\u00a0\u00bb _builder_version=\u00a0\u00bb4.23.1&Prime; _module_preset=\u00a0\u00bbdefault\u00a0\u00bb hover_enabled=\u00a0\u00bb0&Prime; global_colors_info=\u00a0\u00bb{}\u00a0\u00bb button_url=\u00a0\u00bb@ET-DC@eyJkeW5hbWljIjp0cnVlLCJjb250ZW50IjoicG9zdF9saW5rX3VybF9wYWdlIiwic2V0dGluZ3MiOnsicG9zdF9pZCI6IjM0In19@\u00a0\u00bb _dynamic_attributes=\u00a0\u00bbbutton_url\u00a0\u00bb sticky_enabled=\u00a0\u00bb0&Prime;][\/et_pb_button][\/et_pb_column][et_pb_column type=\u00a0\u00bb1_2&Prime; _builder_version=\u00a0\u00bb4.23.1&Prime; _module_preset=\u00a0\u00bbdefault\u00a0\u00bb global_colors_info=\u00a0\u00bb{}\u00a0\u00bb][et_pb_image src=\u00a0\u00bbhttps:\/\/www.stephaniegallay.fr\/wp-content\/uploads\/2024\/12\/Stephanie-Gallay-Sophrologue-a-Vic-en-Bigorre25.jpg\u00a0\u00bb title_text=\u00a0\u00bbStephanie-Gallay-Sophrologue-a-Vic-en-Bigorre25&Prime; _builder_version=\u00a0\u00bb4.23.1&Prime; _module_preset=\u00a0\u00bbdefault\u00a0\u00bb global_colors_info=\u00a0\u00bb{}\u00a0\u00bb][\/et_pb_image][\/et_pb_column][\/et_pb_row][\/et_pb_section][et_pb_section fb_built=\u00a0\u00bb1&Prime; _builder_version=\u00a0\u00bb4.23.1&Prime; _module_preset=\u00a0\u00bbdefault\u00a0\u00bb background_color=\u00a0\u00bb#026c7c\u00a0\u00bb background_enable_image=\u00a0\u00bboff\u00a0\u00bb custom_padding=\u00a0\u00bb100px||100px|||\u00a0\u00bb top_divider_style=\u00a0\u00bbramp\u00a0\u00bb top_divider_color=\u00a0\u00bb#FFFFFF\u00a0\u00bb top_divider_height=\u00a0\u00bb47px\u00a0\u00bb top_divider_flip=\u00a0\u00bbvertical\u00a0\u00bb global_colors_info=\u00a0\u00bb{}\u00a0\u00bb][et_pb_row column_structure=\u00a0\u00bb1_2,1_2&Prime; _builder_version=\u00a0\u00bb4.23.1&Prime; _module_preset=\u00a0\u00bbdefault\u00a0\u00bb global_colors_info=\u00a0\u00bb{}\u00a0\u00bb][et_pb_column type=\u00a0\u00bb1_2&Prime; _builder_version=\u00a0\u00bb4.23.1&Prime; _module_preset=\u00a0\u00bbdefault\u00a0\u00bb global_colors_info=\u00a0\u00bb{}\u00a0\u00bb][et_pb_image src=\u00a0\u00bbhttps:\/\/www.stephaniegallay.fr\/wp-content\/uploads\/2024\/12\/Stephanie-Gallay-Sophrologue-a-Vic-en-Bigorre24.jpg\u00a0\u00bb title_text=\u00a0\u00bbStephanie-Gallay-Sophrologue-a-Vic-en-Bigorre24&Prime; _builder_version=\u00a0\u00bb4.23.1&Prime; _module_preset=\u00a0\u00bbdefault\u00a0\u00bb global_colors_info=\u00a0\u00bb{}\u00a0\u00bb][\/et_pb_image][\/et_pb_column][et_pb_column type=\u00a0\u00bb1_2&Prime; _builder_version=\u00a0\u00bb4.23.1&Prime; _module_preset=\u00a0\u00bbdefault\u00a0\u00bb global_colors_info=\u00a0\u00bb{}\u00a0\u00bb][et_pb_text _builder_version=\u00a0\u00bb4.23.1&Prime; _module_preset=\u00a0\u00bbdefault\u00a0\u00bb text_text_color=\u00a0\u00bb#FFFFFF\u00a0\u00bb header_text_color=\u00a0\u00bb#FFFFFF\u00a0\u00bb header_6_text_color=\u00a0\u00bb#FFFFFF\u00a0\u00bb custom_margin=\u00a0\u00bb||20px|||\u00a0\u00bb global_colors_info=\u00a0\u00bb{}\u00a0\u00bb]<\/p>\n<h6>St\u00e9phanie Gallay, Sophrologue \u00e0 Vic-en-Bigorre<\/h6>\n<p>[\/et_pb_text][et_pb_text _builder_version=\u00a0\u00bb4.23.1&Prime; _module_preset=\u00a0\u00bbdefault\u00a0\u00bb text_text_color=\u00a0\u00bb#FFFFFF\u00a0\u00bb header_text_color=\u00a0\u00bb#FFFFFF\u00a0\u00bb custom_margin=\u00a0\u00bb||21px|||\u00a0\u00bb global_colors_info=\u00a0\u00bb{}\u00a0\u00bb]<\/p>\n<h1> Les Bienfaits de la Sophrologie <\/h1>\n<p>[\/et_pb_text][et_pb_text _builder_version=\u00a0\u00bb4.23.1&Prime; _module_preset=\u00a0\u00bbdefault\u00a0\u00bb text_text_color=\u00a0\u00bb#FFFFFF\u00a0\u00bb global_colors_info=\u00a0\u00bb{}\u00a0\u00bb]<\/p>\n<p> Chaque atelier est une opportunit\u00e9 de d\u00e9couvrir la sophrologie dans une ambiance chaleureuse et adapt\u00e9e \u00e0 vos attentes. <\/p>\n<p>[\/et_pb_text][dsm_icon_list list_space_between=\u00a0\u00bb27px\u00a0\u00bb _builder_version=\u00a0\u00bb4.23.1&Prime; _module_preset=\u00a0\u00bbdefault\u00a0\u00bb global_colors_info=\u00a0\u00bb{}\u00a0\u00bb][dsm_icon_list_child text=\u00a0\u00bbAm\u00e9lioration des performances professionnelles : boostez votre m\u00e9moire, votre concentration et votre capacit\u00e9 \u00e0 prendre des d\u00e9cisions.\u00a0\u00bb font_icon=\u00a0\u00bb&#xf5bb;||fa||900&Prime; icon_padding=\u00a0\u00bb8px\u00a0\u00bb icon_font_size=\u00a0\u00bb35px\u00a0\u00bb _builder_version=\u00a0\u00bb4.23.1&Prime; _module_preset=\u00a0\u00bbdefault\u00a0\u00bb text_font=\u00a0\u00bb|800|||||||\u00a0\u00bb text_text_color=\u00a0\u00bb#FFFFFF\u00a0\u00bb text_font_size=\u00a0\u00bb15px\u00a0\u00bb text_line_height=\u00a0\u00bb1.3em\u00a0\u00bb global_colors_info=\u00a0\u00bb{}\u00a0\u00bb][\/dsm_icon_list_child][dsm_icon_list_child text=\u00a0\u00bbGestion optimis\u00e9e des situations de crise : renforcez votre r\u00e9sistance au stress, votre capacit\u00e9 \u00e0 faire face \u00e0 la pression et votre r\u00e9activit\u00e9.\u00a0\u00bb font_icon=\u00a0\u00bb&#xf5bb;||fa||900&Prime; icon_padding=\u00a0\u00bb8px\u00a0\u00bb icon_font_size=\u00a0\u00bb35px\u00a0\u00bb _builder_version=\u00a0\u00bb4.23.1&Prime; _module_preset=\u00a0\u00bbdefault\u00a0\u00bb text_font=\u00a0\u00bb|800|||||||\u00a0\u00bb text_text_color=\u00a0\u00bb#FFFFFF\u00a0\u00bb text_font_size=\u00a0\u00bb15px\u00a0\u00bb text_line_height=\u00a0\u00bb1.3em\u00a0\u00bb global_colors_info=\u00a0\u00bb{}\u00a0\u00bb][\/dsm_icon_list_child][dsm_icon_list_child text=\u00a0\u00bbHarmonie dans les relations interpersonnelles : d\u00e9veloppez un esprit d\u2019\u00e9quit\u00e9, apprenez \u00e0 g\u00e9rer les conflits, am\u00e9liorez votre ma\u00eetrise de soi et votre capacit\u00e9 d\u2019\u00e9coute.\u00a0\u00bb font_icon=\u00a0\u00bb&#xf5bb;||fa||900&Prime; icon_padding=\u00a0\u00bb8px\u00a0\u00bb icon_font_size=\u00a0\u00bb35px\u00a0\u00bb _builder_version=\u00a0\u00bb4.23.1&Prime; _module_preset=\u00a0\u00bbdefault\u00a0\u00bb text_font=\u00a0\u00bb|800|||||||\u00a0\u00bb text_text_color=\u00a0\u00bb#FFFFFF\u00a0\u00bb text_font_size=\u00a0\u00bb15px\u00a0\u00bb text_line_height=\u00a0\u00bb1.3em\u00a0\u00bb global_colors_info=\u00a0\u00bb{}\u00a0\u00bb][\/dsm_icon_list_child][dsm_icon_list_child text=\u00a0\u00bb\u00c9panouissement personnel : cultivez la confiance en vous, alimentez votre motivation et ma\u00eetrisez vos \u00e9motions.\u00a0\u00bb font_icon=\u00a0\u00bb&#xf5bb;||fa||900&Prime; icon_padding=\u00a0\u00bb8px\u00a0\u00bb icon_font_size=\u00a0\u00bb35px\u00a0\u00bb _builder_version=\u00a0\u00bb4.23.1&Prime; _module_preset=\u00a0\u00bbdefault\u00a0\u00bb text_font=\u00a0\u00bb|800|||||||\u00a0\u00bb text_text_color=\u00a0\u00bb#FFFFFF\u00a0\u00bb text_font_size=\u00a0\u00bb15px\u00a0\u00bb text_line_height=\u00a0\u00bb1.3em\u00a0\u00bb global_colors_info=\u00a0\u00bb{}\u00a0\u00bb][\/dsm_icon_list_child][dsm_icon_list_child text=\u00a0\u00bbD\u00e9veloppement global : am\u00e9liorez vos capacit\u00e9s intellectuelles et physiques tout en favorisant votre bien-\u00eatre au travail.\u00a0\u00bb font_icon=\u00a0\u00bb&#xf5bb;||fa||900&Prime; icon_padding=\u00a0\u00bb8px\u00a0\u00bb icon_font_size=\u00a0\u00bb35px\u00a0\u00bb _builder_version=\u00a0\u00bb4.23.1&Prime; _module_preset=\u00a0\u00bbdefault\u00a0\u00bb text_font=\u00a0\u00bb|800|||||||\u00a0\u00bb text_text_color=\u00a0\u00bb#FFFFFF\u00a0\u00bb text_font_size=\u00a0\u00bb15px\u00a0\u00bb text_line_height=\u00a0\u00bb1.3em\u00a0\u00bb global_colors_info=\u00a0\u00bb{}\u00a0\u00bb][\/dsm_icon_list_child][\/dsm_icon_list][\/et_pb_column][\/et_pb_row][\/et_pb_section][et_pb_section fb_built=\u00a0\u00bb1&Prime; custom_padding_last_edited=\u00a0\u00bbon|phone\u00a0\u00bb prev_background_color=\u00a0\u00bb#026c7c\u00a0\u00bb _builder_version=\u00a0\u00bb4.23.1&Prime; _module_preset=\u00a0\u00bbdefault\u00a0\u00bb background_color=\u00a0\u00bb#5590c1&Prime; background_image=\u00a0\u00bbhttps:\/\/www.stephaniegallay.fr\/wp-content\/uploads\/2024\/12\/Stephanie-Gallay-Sophrologue-a-Vic-en-Bigorre17.jpg\u00a0\u00bb background_blend=\u00a0\u00bbmultiply\u00a0\u00bb custom_padding=\u00a0\u00bb108px||133px||false|false\u00a0\u00bb custom_padding_tablet=\u00a0\u00bb108px||133px||false|false\u00a0\u00bb custom_padding_phone=\u00a0\u00bb50px||80px||false|false\u00a0\u00bb top_divider_style=\u00a0\u00bbramp\u00a0\u00bb top_divider_flip=\u00a0\u00bbvertical\u00a0\u00bb bottom_divider_style=\u00a0\u00bbcurve\u00a0\u00bb bottom_divider_color=\u00a0\u00bb#FFFFFF\u00a0\u00bb bottom_divider_height=\u00a0\u00bb62px\u00a0\u00bb global_colors_info=\u00a0\u00bb{}\u00a0\u00bb][et_pb_row _builder_version=\u00a0\u00bb4.23.1&Prime; _module_preset=\u00a0\u00bbdefault\u00a0\u00bb global_colors_info=\u00a0\u00bb{}\u00a0\u00bb][et_pb_column type=\u00a0\u00bb4_4&Prime; _builder_version=\u00a0\u00bb4.23.1&Prime; _module_preset=\u00a0\u00bbdefault\u00a0\u00bb global_colors_info=\u00a0\u00bb{}\u00a0\u00bb][et_pb_image src=\u00a0\u00bbhttps:\/\/www.stephaniegallay.fr\/wp-content\/uploads\/2024\/12\/icon.svg\u00a0\u00bb title_text=\u00a0\u00bbicon\u00a0\u00bb _builder_version=\u00a0\u00bb4.23.1&Prime; _module_preset=\u00a0\u00bbdefault\u00a0\u00bb width=\u00a0\u00bb6%\u00a0\u00bb width_tablet=\u00a0\u00bb11%\u00a0\u00bb width_phone=\u00a0\u00bb12%\u00a0\u00bb width_last_edited=\u00a0\u00bbon|desktop\u00a0\u00bb module_alignment=\u00a0\u00bbcenter\u00a0\u00bb global_colors_info=\u00a0\u00bb{}\u00a0\u00bb][\/et_pb_image][dsm_star_rating star_alignment=\u00a0\u00bbcenter\u00a0\u00bb stars_size=\u00a0\u00bb24px\u00a0\u00bb stars_gap=\u00a0\u00bb8px\u00a0\u00bb show_number=\u00a0\u00bbon\u00a0\u00bb _builder_version=\u00a0\u00bb4.23.1&Prime; _module_preset=\u00a0\u00bbdefault\u00a0\u00bb header_level=\u00a0\u00bbh1&Prime; header_text_color=\u00a0\u00bb#FFFFFF\u00a0\u00bb rating_number_text_color=\u00a0\u00bb#FFFFFF\u00a0\u00bb global_colors_info=\u00a0\u00bb{}\u00a0\u00bb][\/dsm_star_rating][et_pb_text _builder_version=\u00a0\u00bb4.23.1&Prime; _module_preset=\u00a0\u00bbdefault\u00a0\u00bb text_text_color=\u00a0\u00bb#FFFFFF\u00a0\u00bb header_font=\u00a0\u00bb||||||||\u00a0\u00bb header_text_color=\u00a0\u00bb#FFFFFF\u00a0\u00bb background_enable_color=\u00a0\u00bboff\u00a0\u00bb width=\u00a0\u00bb63%\u00a0\u00bb module_alignment=\u00a0\u00bbcenter\u00a0\u00bb global_colors_info=\u00a0\u00bb{}\u00a0\u00bb]<\/p>\n<h1 class=\"h4 text-center\" style=\"text-align: center;\">Avis sur St\u00e9phanie GALLAY<\/h1>\n<p>[\/et_pb_text][et_pb_divider color=\u00a0\u00bb#FFFFFF\u00a0\u00bb divider_style=\u00a0\u00bbdashed\u00a0\u00bb divider_weight=\u00a0\u00bb2px\u00a0\u00bb _builder_version=\u00a0\u00bb4.23.1&Prime; _module_preset=\u00a0\u00bbdefault\u00a0\u00bb width=\u00a0\u00bb42%\u00a0\u00bb module_alignment=\u00a0\u00bbcenter\u00a0\u00bb global_colors_info=\u00a0\u00bb{}\u00a0\u00bb][\/et_pb_divider][et_pb_slider _builder_version=\u00a0\u00bb4.23.1&Prime; _module_preset=\u00a0\u00bbdefault\u00a0\u00bb background_color=\u00a0\u00bbRGBA(255,255,255,0)\u00a0\u00bb custom_padding=\u00a0\u00bb0px||98px||false|false\u00a0\u00bb global_colors_info=\u00a0\u00bb{}\u00a0\u00bb][et_pb_slide heading=\u00a0\u00bbFranck F\u00a0\u00bb button_text=\u00a0\u00bbTous mes avis en ligne\u00a0\u00bb button_link=\u00a0\u00bbhttps:\/\/www.resalib.fr\/praticien\/90829-stephanie-gallay-sophrologue-vic-en-bigorre?pr=0#reviews\u00a0\u00bb url_new_window=\u00a0\u00bbon\u00a0\u00bb _builder_version=\u00a0\u00bb4.23.1&Prime; _module_preset=\u00a0\u00bbdefault\u00a0\u00bb background_enable_color=\u00a0\u00bboff\u00a0\u00bb global_colors_info=\u00a0\u00bb{}\u00a0\u00bb sticky_transition=\u00a0\u00bbon\u00a0\u00bb]<\/p>\n<p class=\"customer-text\">St\u00e9phanie m&rsquo;a permis d&rsquo;avancer dans la vie la ou d&rsquo;autres on \u00e9chou\u00e9s. Douce, professionnelle, agr\u00e9able, elle sera vous guider j&rsquo;en suis convaincu. Je recommande son art de sophrologie \u00e0 tous.<\/p>\n<p><small>Suite \u00e0 un rendez-vous en novembre 2024<\/small><\/p>\n<p>[\/et_pb_slide][et_pb_slide heading=\u00a0\u00bbGuilaine S.\u00a0\u00bb button_text=\u00a0\u00bbTous mes avis en ligne\u00a0\u00bb button_link=\u00a0\u00bbhttps:\/\/www.resalib.fr\/praticien\/90829-stephanie-gallay-sophrologue-vic-en-bigorre?pr=0#reviews\u00a0\u00bb url_new_window=\u00a0\u00bbon\u00a0\u00bb _builder_version=\u00a0\u00bb4.23.1&Prime; _module_preset=\u00a0\u00bbdefault\u00a0\u00bb background_enable_color=\u00a0\u00bboff\u00a0\u00bb global_colors_info=\u00a0\u00bb{}\u00a0\u00bb sticky_transition=\u00a0\u00bbon\u00a0\u00bb]<\/p>\n<p class=\"customer-text\">Merci pour votre accompagnement professionnel qui m&rsquo;a permis de changer ma vie et d&rsquo;appr\u00e9hender les probl\u00e8mes diff\u00e9remment. Je revis et n&rsquo;h\u00e9siterai pas \u00e0 vous rappeler en cas de besoin<\/p>\n<p class=\"customer-text\"><small>Suite \u00e0 un rendez-vous en octobre 2024<\/small><\/p>\n<p>[\/et_pb_slide][et_pb_slide heading=\u00a0\u00bbY B.\u00a0\u00bb button_text=\u00a0\u00bbTous mes avis en ligne\u00a0\u00bb button_link=\u00a0\u00bbhttps:\/\/www.resalib.fr\/praticien\/90829-stephanie-gallay-sophrologue-vic-en-bigorre?pr=0#reviews\u00a0\u00bb url_new_window=\u00a0\u00bbon\u00a0\u00bb _builder_version=\u00a0\u00bb4.23.1&Prime; _module_preset=\u00a0\u00bbdefault\u00a0\u00bb background_enable_color=\u00a0\u00bboff\u00a0\u00bb global_colors_info=\u00a0\u00bb{}\u00a0\u00bb sticky_transition=\u00a0\u00bbon\u00a0\u00bb]<\/p>\n<p class=\"customer-text\">J&rsquo;ai quitt\u00e9 la s\u00e9ance en me sentant plus l\u00e9ger et serein. Cela m&rsquo;a aid\u00e9 \u00e0 g\u00e9rer mon stress. Je recommande vivement St\u00e9phanie \u00e0 ceux qui cherchent \u00e0 am\u00e9liorer leur bien-\u00eatre mental et physique. Une belle d\u00e9couverte !<\/p>\n<p class=\"customer-text\"><small>Suite \u00e0 un rendez-vous en septembre 2024<\/small><\/p>\n<p>[\/et_pb_slide][et_pb_slide heading=\u00a0\u00bbChristelle P.\u00a0\u00bb button_text=\u00a0\u00bbTous mes avis en ligne\u00a0\u00bb button_link=\u00a0\u00bbhttps:\/\/www.resalib.fr\/praticien\/90829-stephanie-gallay-sophrologue-vic-en-bigorre?pr=0#reviews\u00a0\u00bb url_new_window=\u00a0\u00bbon\u00a0\u00bb _builder_version=\u00a0\u00bb4.23.1&Prime; _module_preset=\u00a0\u00bbdefault\u00a0\u00bb background_enable_color=\u00a0\u00bboff\u00a0\u00bb global_colors_info=\u00a0\u00bb{}\u00a0\u00bb sticky_transition=\u00a0\u00bbon\u00a0\u00bb]<\/p>\n<p class=\"customer-text\">Tr\u00e8s agr\u00e9able et douce. Je recommande<br \/><small>Suite \u00e0 un rendez-vous en juin 2024<\/small><\/p>\n<p>[\/et_pb_slide][et_pb_slide heading=\u00a0\u00bbV.\u00a0\u00bb button_text=\u00a0\u00bbTous mes avis en ligne\u00a0\u00bb button_link=\u00a0\u00bbhttps:\/\/www.resalib.fr\/praticien\/90829-stephanie-gallay-sophrologue-vic-en-bigorre?pr=0#reviews\u00a0\u00bb url_new_window=\u00a0\u00bbon\u00a0\u00bb _builder_version=\u00a0\u00bb4.23.1&Prime; _module_preset=\u00a0\u00bbdefault\u00a0\u00bb background_enable_color=\u00a0\u00bboff\u00a0\u00bb link_option_url_new_window=\u00a0\u00bbon\u00a0\u00bb global_colors_info=\u00a0\u00bb{}\u00a0\u00bb sticky_transition=\u00a0\u00bbon\u00a0\u00bb]<\/p>\n<p class=\"customer-text\">St\u00e9phanie a su me d\u00e9tendre, contr\u00f4ler mon stress, je la recommande 100%<\/p>\n<p class=\"customer-text\"><small>Suite \u00e0 un rendez-vous en juin 2024<\/small><\/p>\n<p>[\/et_pb_slide][et_pb_slide heading=\u00a0\u00bbE R.\u00a0\u00bb button_text=\u00a0\u00bbTous mes avis en ligne\u00a0\u00bb button_link=\u00a0\u00bbhttps:\/\/www.resalib.fr\/praticien\/90829-stephanie-gallay-sophrologue-vic-en-bigorre?pr=0#reviews\u00a0\u00bb url_new_window=\u00a0\u00bbon\u00a0\u00bb _builder_version=\u00a0\u00bb4.23.1&Prime; _module_preset=\u00a0\u00bbdefault\u00a0\u00bb background_enable_color=\u00a0\u00bboff\u00a0\u00bb global_colors_info=\u00a0\u00bb{}\u00a0\u00bb sticky_transition=\u00a0\u00bbon\u00a0\u00bb]<\/p>\n<p class=\"customer-text\">Merci de m\u2019avoir fait travailler sur moi. Ce n\u2019\u00e9tait vraiment pas gagn\u00e9 !!! Approche r\u00e9confortante et professionnalisme ma\u00eetris\u00e9 !!! Merci mille fois encore<\/p>\n<p class=\"customer-text\"><small>Suite \u00e0 un rendez-vous en juin 2024<\/small><\/p>\n<p>[\/et_pb_slide][et_pb_slide heading=\u00a0\u00bbDavid C.\u00a0\u00bb button_text=\u00a0\u00bbTous mes avis en ligne\u00a0\u00bb button_link=\u00a0\u00bbhttps:\/\/www.resalib.fr\/praticien\/90829-stephanie-gallay-sophrologue-vic-en-bigorre?pr=0#reviews\u00a0\u00bb url_new_window=\u00a0\u00bbon\u00a0\u00bb _builder_version=\u00a0\u00bb4.23.1&Prime; _module_preset=\u00a0\u00bbdefault\u00a0\u00bb background_enable_color=\u00a0\u00bboff\u00a0\u00bb global_colors_info=\u00a0\u00bb{}\u00a0\u00bb sticky_transition=\u00a0\u00bbon\u00a0\u00bb]<\/p>\n<p class=\"customer-text\">St\u00e9phanie a ce pouvoir que seul ont les sophrologue. Elle vous permet vraiment de vous sentir bien. Une personne bienfaisante qui m\u00e9rite vraiment d&rsquo;\u00eatre connu.<\/p>\n<p class=\"customer-text\"><small>Suite \u00e0 un rendez-vous en mai 2024<\/small><\/p>\n<p>[\/et_pb_slide][et_pb_slide heading=\u00a0\u00bbKevin r.\u00a0\u00bb button_text=\u00a0\u00bbTous mes avis en ligne\u00a0\u00bb button_link=\u00a0\u00bbhttps:\/\/www.resalib.fr\/praticien\/90829-stephanie-gallay-sophrologue-vic-en-bigorre?pr=0#reviews\u00a0\u00bb url_new_window=\u00a0\u00bbon\u00a0\u00bb _builder_version=\u00a0\u00bb4.23.1&Prime; _module_preset=\u00a0\u00bbdefault\u00a0\u00bb background_enable_color=\u00a0\u00bboff\u00a0\u00bb global_colors_info=\u00a0\u00bb{}\u00a0\u00bb sticky_transition=\u00a0\u00bbon\u00a0\u00bb]<\/p>\n<p class=\"customer-text\">stephanie est une personne \u00e0 l&rsquo;\u00e9coute qui a su me comprendre, m&rsquo;orienter et m&rsquo;a donn\u00e9 les clefs pour g\u00e9rer mon stress. r\u00e9sultat tr\u00e8s positif. merci pour l&rsquo;accompagnement<\/p>\n<p class=\"customer-text\"><small>Suite \u00e0 un rendez-vous en mai 2024<\/small><\/p>\n<p>[\/et_pb_slide][\/et_pb_slider][\/et_pb_column][\/et_pb_row][\/et_pb_section][et_pb_section fb_built=\u00a0\u00bb1&Prime; _builder_version=\u00a0\u00bb4.23.1&Prime; _module_preset=\u00a0\u00bbdefault\u00a0\u00bb global_colors_info=\u00a0\u00bb{}\u00a0\u00bb][et_pb_row _builder_version=\u00a0\u00bb4.23.1&Prime; _module_preset=\u00a0\u00bbdefault\u00a0\u00bb global_colors_info=\u00a0\u00bb{}\u00a0\u00bb][et_pb_column type=\u00a0\u00bb4_4&Prime; _builder_version=\u00a0\u00bb4.23.1&Prime; _module_preset=\u00a0\u00bbdefault\u00a0\u00bb global_colors_info=\u00a0\u00bb{}\u00a0\u00bb][et_pb_text _builder_version=\u00a0\u00bb4.23.1&Prime; _module_preset=\u00a0\u00bbdefault\u00a0\u00bb global_colors_info=\u00a0\u00bb{}\u00a0\u00bb]<\/p>\n<h1 style=\"text-align: center;\">Ils m&rsquo;ont fait confiance<\/h1>\n<p>[\/et_pb_text][\/et_pb_column][\/et_pb_row][et_pb_row column_structure=\u00a0\u00bb1_3,1_3,1_3&Prime; use_custom_gutter=\u00a0\u00bbon\u00a0\u00bb make_equal=\u00a0\u00bbon\u00a0\u00bb _builder_version=\u00a0\u00bb4.23.1&Prime; _module_preset=\u00a0\u00bbdefault\u00a0\u00bb width=\u00a0\u00bb55%\u00a0\u00bb global_colors_info=\u00a0\u00bb{}\u00a0\u00bb][et_pb_column type=\u00a0\u00bb1_3&Prime; _builder_version=\u00a0\u00bb4.23.1&Prime; _module_preset=\u00a0\u00bbdefault\u00a0\u00bb global_colors_info=\u00a0\u00bb{}\u00a0\u00bb][et_pb_image src=\u00a0\u00bbhttps:\/\/www.stephaniegallay.fr\/wp-content\/uploads\/2024\/12\/image-2.png\u00a0\u00bb title_text=\u00a0\u00bbimage 2&Prime; _builder_version=\u00a0\u00bb4.23.1&Prime; _module_preset=\u00a0\u00bbdefault\u00a0\u00bb global_colors_info=\u00a0\u00bb{}\u00a0\u00bb][\/et_pb_image][\/et_pb_column][et_pb_column type=\u00a0\u00bb1_3&Prime; _builder_version=\u00a0\u00bb4.23.1&Prime; _module_preset=\u00a0\u00bbdefault\u00a0\u00bb global_colors_info=\u00a0\u00bb{}\u00a0\u00bb][et_pb_image src=\u00a0\u00bbhttps:\/\/www.stephaniegallay.fr\/wp-content\/uploads\/2024\/12\/Unknown.gif\u00a0\u00bb title_text=\u00a0\u00bbUnknown\u00a0\u00bb _builder_version=\u00a0\u00bb4.23.1&Prime; _module_preset=\u00a0\u00bbdefault\u00a0\u00bb global_colors_info=\u00a0\u00bb{}\u00a0\u00bb][\/et_pb_image][\/et_pb_column][et_pb_column type=\u00a0\u00bb1_3&Prime; _builder_version=\u00a0\u00bb4.23.1&Prime; _module_preset=\u00a0\u00bbdefault\u00a0\u00bb global_colors_info=\u00a0\u00bb{}\u00a0\u00bb][et_pb_image src=\u00a0\u00bbhttps:\/\/www.stephaniegallay.fr\/wp-content\/uploads\/2024\/12\/image.png\u00a0\u00bb title_text=\u00a0\u00bbimage\u00a0\u00bb align=\u00a0\u00bbcenter\u00a0\u00bb _builder_version=\u00a0\u00bb4.23.1&Prime; _module_preset=\u00a0\u00bbdefault\u00a0\u00bb global_colors_info=\u00a0\u00bb{}\u00a0\u00bb][\/et_pb_image][\/et_pb_column][\/et_pb_row][\/et_pb_section]<\/p>\n","protected":false},"excerpt":{"rendered":"<p>Ateliers de Sophrologie \u00e0 Vic-en-Bigorre Entreprises, Retraites et Loisirs St\u00e9phanie Gallay, Sophrologue \u00e0 Vic-en-Bigorre En plus des s\u00e9ances individuelles, j\u2019organise des ateliers et interventions adapt\u00e9s aux besoins collectifs : Ateliers conviviaux : &#8211; Ap\u00e9ro Sophro.\u2028 &#8211; Caf\u00e9 ou Th\u00e9 SophroSophrologie en entreprise : Am\u00e9liorez le bien-\u00eatre et la performance de vos collaborateurs. Gestion du stress, pr\u00e9vention du burn-out, coh\u00e9sion d\u2019\u00e9quipe \u2013 s\u00e9ances sur devis.\u2028Sophrologie en maison de retraite : Offrez aux r\u00e9sidents un moment de d\u00e9tente et de recentrage gr\u00e2ce \u00e0 des exercices adapt\u00e9s.\u2028St\u00e9phanie Gallay, Sophrologue \u00e0 Vic-en-Bigorre Les Bienfaits de la Sophrologie Chaque atelier est une opportunit\u00e9 de d\u00e9couvrir la sophrologie dans une ambiance chaleureuse et adapt\u00e9e \u00e0 vos attentes. <div class=\"et_pb_module dsm_icon_list dsm_icon_list_0\">\n\t\t\t\t\n\t\t\t\t\n\t\t\t\t\n\t\t\t\t\n\t\t\t\t\n\t\t\t\t\n\t\t\t\t<div class=\"et_pb_module_inner\">\n\t\t\t\t\t<ul class=\"dsm_icon_list_items dsm_icon_list_ltr_direction dsm_icon_list_layout_vertical\"><\/ul>\n\t\t\t\t<\/div>\n\t\t\t<\/div><li class=\"dsm_icon_list_child dsm_icon_list_child_0\">\n\t\t\t\t\n\t\t\t\t\n\t\t\t\t\n\t\t\t\t\n\t\t\t\t<span class=\"dsm_icon_list_wrapper\"><span class=\"dsm_icon_list_icon\">\uf5bb<\/span><\/span><span class=\"dsm_icon_list_text\">Am\u00e9lioration des performances professionnelles : boostez votre m\u00e9moire, votre concentration et votre capacit\u00e9 \u00e0 prendre des d\u00e9cisions.<\/span>\n\t\t\t<\/li><li class=\"dsm_icon_list_child dsm_icon_list_child_1\">\n\t\t\t\t\n\t\t\t\t\n\t\t\t\t\n\t\t\t\t\n\t\t\t\t<span class=\"dsm_icon_list_wrapper\"><span class=\"dsm_icon_list_icon\">\uf5bb<\/span><\/span><span class=\"dsm_icon_list_text\">Gestion optimis\u00e9e des situations de crise : renforcez votre r\u00e9sistance au stress, votre capacit\u00e9 \u00e0 faire face \u00e0 la pression et votre r\u00e9activit\u00e9.<\/span>\n\t\t\t<\/li><li class=\"dsm_icon_list_child dsm_icon_list_child_2\">\n\t\t\t\t\n\t\t\t\t\n\t\t\t\t\n\t\t\t\t\n\t\t\t\t<span class=\"dsm_icon_list_wrapper\"><span class=\"dsm_icon_list_icon\">P<\/span><\/span><span class=\"dsm_icon_list_text\">\u00bbHarmonie<\/span>\n\t\t\t<\/li><\/p>\n","protected":false},"author":1,"featured_media":0,"parent":0,"menu_order":0,"comment_status":"closed","ping_status":"closed","template":"","meta":{"_et_pb_use_builder":"on","_et_pb_old_content":"<!-- wp:divi\/placeholder \/-->","_et_gb_content_width":"","inline_featured_image":false,"footnotes":""},"class_list":["post-32","page","type-page","status-publish","hentry"],"_links":{"self":[{"href":"https:\/\/www.stephaniegallay.fr\/index.php?rest_route=\/wp\/v2\/pages\/32","targetHints":{"allow":["GET"]}}],"collection":[{"href":"https:\/\/www.stephaniegallay.fr\/index.php?rest_route=\/wp\/v2\/pages"}],"about":[{"href":"https:\/\/www.stephaniegallay.fr\/index.php?rest_route=\/wp\/v2\/types\/page"}],"author":[{"embeddable":true,"href":"https:\/\/www.stephaniegallay.fr\/index.php?rest_route=\/wp\/v2\/users\/1"}],"replies":[{"embeddable":true,"href":"https:\/\/www.stephaniegallay.fr\/index.php?rest_route=%2Fwp%2Fv2%2Fcomments&post=32"}],"version-history":[{"count":8,"href":"https:\/\/www.stephaniegallay.fr\/index.php?rest_route=\/wp\/v2\/pages\/32\/revisions"}],"predecessor-version":[{"id":183,"href":"https:\/\/www.stephaniegallay.fr\/index.php?rest_route=\/wp\/v2\/pages\/32\/revisions\/183"}],"wp:attachment":[{"href":"https:\/\/www.stephaniegallay.fr\/index.php?rest_route=%2Fwp%2Fv2%2Fmedia&parent=32"}],"curies":[{"name":"wp","href":"https:\/\/api.w.org\/{rel}","templated":true}]}}